{"id":49,"date":"2019-02-12T11:02:38","date_gmt":"2019-02-12T14:02:38","guid":{"rendered":"http:\/\/cpccp1.hospedagemdesites.ws\/site\/?page_id=49"},"modified":"2026-04-09T09:17:29","modified_gmt":"2026-04-09T12:17:29","slug":"calendario-de-reunioes","status":"publish","type":"page","link":"http:\/\/www.conselhodascomunidades.pt\/site\/calendario-de-reunioes\/","title":{"rendered":"Calend\u00e1rio de Reuni\u00f5es"},"content":{"rendered":"<h1 class=\"western\" align=\"center\"><\/h1>\n<p class=\"western\" align=\"justify\"><span style=\"color: #373737;\"> <span style=\"font-family: Times New Roman, serif;\"><span style=\"font-size: large;\"> O CP\/CCP pode ser convocado pelo seu presidente, pelo membro do Governo respons\u00e1vel pelas \u00e1reas da emigra\u00e7\u00e3o e das comunidades portuguesas ou por um m\u00ednimo de dois ter\u00e7os dos seus membros e re\u00fane, ordinariamente, uma vez por ano, e, extraordinariamente, quando, por motivos especialmente relevantes, tal se justifique. Nas reuni\u00f5es podem participar outros membros do Conselho e personalidades convidadas para o efeito atrav\u00e9s do seu presidente. O Conselho Permanente re\u00fane-se em Portugal.<\/span><\/span><\/span><\/p>\n<p class=\"western\" align=\"justify\"><span style=\"color: #373737;\"><span style=\"font-family: Times New Roman, serif;\"><span style=\"font-size: large;\"> Neste mandato, ap\u00f3s aprova\u00e7\u00e3o da unanimidade dos seus membros, o CP\/CCP passou a reunir-se mensalmente \u00e0 dist\u00e2ncia (<\/span><\/span><\/span><span style=\"color: #373737;\"><span style=\"font-family: Times New Roman, serif;\"><span style=\"font-size: large;\"><i><b>on-line<\/b><\/i><\/span><\/span><\/span><span style=\"color: #373737;\"><span style=\"font-family: Times New Roman, serif;\"><span style=\"font-size: large;\">), utilizando-se de ferramentas que permitem a comunica\u00e7\u00e3o s\u00edncrona por meio da Internet.<\/span><\/span><\/span><\/p>\n<p class=\"western\" align=\"justify\"><span style=\"color: #373737;\"><span style=\"font-family: Times New Roman, serif;\"><span style=\"font-size: large;\"> O calend\u00e1rio de reuni\u00f5es (<\/span><\/span><\/span><span style=\"color: #373737;\"><span style=\"font-family: Times New Roman, serif;\"><span style=\"font-size: large;\"><i><b>on-line<\/b><\/i><\/span><\/span><\/span><span style=\"color: #373737;\"><span style=\"font-family: Times New Roman, serif;\"><span style=\"font-size: large;\">, via Zoom)\u00a0aprovado\u00a0para 2026, sempre \u00e0s\u00a0<\/span><\/span><\/span><span style=\"color: #373737;\"><span style=\"font-family: Times New Roman, serif;\"><span style=\"font-size: large;\"><b>14h00 de LISBOA<\/b><\/span><\/span><\/span><span style=\"color: #373737;\"><span style=\"font-family: Times New Roman, serif;\"><span style=\"font-size: large;\">.<\/span><\/span><\/span><\/p>\n<table width=\"584\" cellspacing=\"0\" cellpadding=\"0\">\n<tbody>\n<tr>\n<td valign=\"bottom\" bgcolor=\"#ffffff\" width=\"584\">\n<p align=\"left\"><span style=\"font-family: Times New Roman, serif;\"><span style=\"font-size: large;\">20\/01\/2026 (alterado em fun\u00e7\u00e3o da elei\u00e7\u00e3o presidencial)<\/span><\/span><\/p>\n<\/td>\n<\/tr>\n<tr>\n<td valign=\"bottom\" bgcolor=\"#ffffff\" width=\"584\">\n<p align=\"left\"><span style=\"font-family: Times New Roman, serif;\"><span style=\"font-size: large;\">21\/02\/2026<\/span><\/span><\/p>\n<\/td>\n<\/tr>\n<tr>\n<td valign=\"bottom\" bgcolor=\"#ffffff\" width=\"584\">\n<p align=\"left\"><span style=\"font-family: Times New Roman, serif;\"><span style=\"font-size: large;\">21\/03\/2026<\/span><\/span><\/p>\n<\/td>\n<\/tr>\n<tr>\n<td valign=\"bottom\" bgcolor=\"#ffffff\" width=\"584\">\n<p align=\"left\"><span style=\"font-family: Times New Roman, serif;\"><span style=\"font-size: large;\">18\/04\/2026<\/span><\/span><\/p>\n<\/td>\n<\/tr>\n<tr>\n<td valign=\"bottom\" bgcolor=\"#ffffff\" width=\"584\">\n<p align=\"left\"><span style=\"font-family: Times New Roman, serif;\"><span style=\"font-size: large;\">16\/05\/2026<\/span><\/span><\/p>\n<\/td>\n<\/tr>\n<tr>\n<td valign=\"bottom\" bgcolor=\"#ffffff\" width=\"584\">\n<p align=\"left\"><span style=\"font-family: Times New Roman, serif;\"><span style=\"font-size: large;\">20\/06\/2026<\/span><\/span><\/p>\n<\/td>\n<\/tr>\n<tr>\n<td valign=\"bottom\" bgcolor=\"#ffffff\" width=\"584\">\n<p align=\"left\"><span style=\"font-family: Times New Roman, serif;\"><span style=\"font-size: large;\">18\/07\/2026<\/span><\/span><\/p>\n<\/td>\n<\/tr>\n<tr>\n<td valign=\"bottom\" bgcolor=\"#ffffff\" width=\"584\">\n<p align=\"left\"><span style=\"font-family: Times New Roman, serif;\"><span style=\"font-size: large;\">Agosto n\u00e3o h\u00e1 reuni\u00e3o<\/span><\/span><\/p>\n<\/td>\n<\/tr>\n<tr>\n<td valign=\"bottom\" bgcolor=\"#ffffff\" width=\"584\">\n<p align=\"left\"><span style=\"font-family: Times New Roman, serif;\"><span style=\"font-size: large;\">19\/09\/2026<\/span><\/span><\/p>\n<\/td>\n<\/tr>\n<tr>\n<td valign=\"bottom\" bgcolor=\"#ffffff\" width=\"584\">\n<p align=\"left\"><span style=\"font-family: Times New Roman, serif;\"><span style=\"font-size: large;\">17\/10\/2026<\/span><\/span><\/p>\n<\/td>\n<\/tr>\n<tr>\n<td valign=\"bottom\" bgcolor=\"#ffffff\" width=\"584\">\n<p align=\"left\"><span style=\"font-family: Times New Roman, serif;\"><span style=\"font-size: large;\">21\/11\/2026<\/span><\/span><\/p>\n<\/td>\n<\/tr>\n<\/tbody>\n<\/table>\n<p class=\"western\" align=\"justify\"><span style=\"color: #373737;\"><span style=\"font-family: Times New Roman, serif;\"><span style=\"font-size: large;\">19\/12\/2026<\/span><\/span><\/span><\/p>\n<p class=\"western\" align=\"justify\"><span style=\"color: #373737;\"><span style=\"font-family: Times New Roman, serif;\"><span style=\"font-size: large;\">. As\u00a0reuni\u00f5es anuais das COMISS\u00d5ES TEM\u00c1TICAS ocorrer\u00e3o nos dias 28 e 29 de maio, em Lisboa.\u00a0<\/span><\/span><\/span><\/p>\n<p class=\"western\" align=\"justify\"><span style=\"color: #373737;\"><span style=\"font-family: Times New Roman, serif;\"><span style=\"font-size: large;\">. Em aten\u00e7\u00e3o ao disposto no artigo 37\u00ba da Lei 66-A, de 2007, o CONSELHO PERMANENTE reunir-se-\u00e1 presencialmente,\u00a0em Lisboa,\u00a0de 29 de junho a 01 de julho.<\/span><\/span><\/span><\/p>\n","protected":false},"excerpt":{"rendered":"<p>O CP\/CCP pode ser convocado pelo seu presidente, pelo membro do Governo respons\u00e1vel pelas \u00e1reas da emigra\u00e7\u00e3o e das comunidades portuguesas ou por um m\u00ednimo de dois ter\u00e7os dos seus membros e re\u00fane, ordinariamente, uma vez por ano, e, extraordinariamente, &hellip; <a href=\"http:\/\/www.conselhodascomunidades.pt\/site\/calendario-de-reunioes\/\">Continue lendo <span class=\"meta-nav\">&rarr;<\/span><\/a><\/p>\n","protected":false},"author":1,"featured_media":0,"parent":0,"menu_order":0,"comment_status":"closed","ping_status":"closed","template":"","meta":{"footnotes":""},"class_list":["post-49","page","type-page","status-publish","hentry"],"_links":{"self":[{"href":"http:\/\/www.conselhodascomunidades.pt\/site\/wp-json\/wp\/v2\/pages\/49","targetHints":{"allow":["GET"]}}],"collection":[{"href":"http:\/\/www.conselhodascomunidades.pt\/site\/wp-json\/wp\/v2\/pages"}],"about":[{"href":"http:\/\/www.conselhodascomunidades.pt\/site\/wp-json\/wp\/v2\/types\/page"}],"author":[{"embeddable":true,"href":"http:\/\/www.conselhodascomunidades.pt\/site\/wp-json\/wp\/v2\/users\/1"}],"replies":[{"embeddable":true,"href":"http:\/\/www.conselhodascomunidades.pt\/site\/wp-json\/wp\/v2\/comments?post=49"}],"version-history":[{"count":25,"href":"http:\/\/www.conselhodascomunidades.pt\/site\/wp-json\/wp\/v2\/pages\/49\/revisions"}],"predecessor-version":[{"id":2328,"href":"http:\/\/www.conselhodascomunidades.pt\/site\/wp-json\/wp\/v2\/pages\/49\/revisions\/2328"}],"wp:attachment":[{"href":"http:\/\/www.conselhodascomunidades.pt\/site\/wp-json\/wp\/v2\/media?parent=49"}],"curies":[{"name":"wp","href":"https:\/\/api.w.org\/{rel}","templated":true}]}}